{"id":4707,"date":"2025-06-28T21:02:48","date_gmt":"2025-06-28T21:02:48","guid":{"rendered":"https:\/\/parafia.bystrzyca.eu\/?page_id=4707"},"modified":"2025-06-28T21:02:48","modified_gmt":"2025-06-28T21:02:48","slug":"wiesci-z-watykanu","status":"publish","type":"page","link":"https:\/\/parafia.bystrzyca.eu\/?page_id=4707","title":{"rendered":"Wie\u015bci z Watykanu"},"content":{"rendered":"<p><strong><code><div class=\"vatican-news p-0\" style='border: 3px solid #e0e0e0' >\n    \n        <div style='padding: 10px; margin: 0 0 15px 0; background-color: #CC0000'>\n            <a href='https:\/\/www.vaticannews.va\/'><img src='https:\/\/www.vaticannews.va\/etc\/designs\/vatican-news\/release\/library\/main\/images\/vatican-news-header-white_retina.png' width='150' alt='Vatican News'><\/a>\n        <\/div>\n        <h2 style='display: none;' aria-hidden='false'>Vatican News<\/h2>\n            <div class=\"row d-flex justify-content-center align-items-start text-small\">\n    \n            <div class='col-lg-4 col-md-3 col-sm-6 col-xs-12'>\n                <div class='card p-3 rounded my-2 shadow'>\n                    <img src='https:\/\/www.vaticannews.va\/content\/dam\/vaticannews\/multimedia\/2019\/07\/06\/Fulton_J._Sheen_1956.jpg\/_jcr_content\/renditions\/cq5dam.thumbnail.cropped.750.422.jpeg' alt='' class='img-fluid d-block border rounded'>\n                    <h3 class='my-2'><strong><a href='https:\/\/www.vaticannews.va\/pl\/kosciol\/news\/2026-09\/ks-roger-j-landry-o-abpe-fulthonie-sheenu-przed-beatyfikacja.html' target='_blank'>61 lat codziennej adoracji. \u0179r\u00f3d\u0142o misyjnego zapa\u0142u Fultona Sheena<\/a><\/strong><\/h3>\n                    <small class='text-muted'>(2026-09-06 10:33)<\/small>\n                    <p>Przez 61 lat kap\u0142a\u0144stwa ka\u017cdego dnia sp\u0119dza\u0142 godzin\u0119 na adoracji. To w\u0142a\u015bnie tam rodzi\u0142a si\u0119 misyjna pasja abp. Fultona Sheena - wskazuje ks. Roger J. Landry, krajowy dyrektor Papieskich Dzie\u0142 Misyjnych w USA. Ameryka\u0144ski hierarcha i jeden z pionier\u00f3w ewangelizacji za po\u015brednictwem medi\u00f3w 24 wrze\u015bnia zostanie og\u0142oszony b\u0142ogos\u0142awionym.\n                    <a href=\"https:\/\/www.vaticannews.va\/pl\/kosciol\/news\/2026-09\/ks-roger-j-landry-o-abpe-fulthonie-sheenu-przed-beatyfikacja.html\">Czytaj wszystko<\/a>\n                    &nbsp;<\/p>\n                <\/div>\n            <\/div>\n        \n            <div class='col-lg-4 col-md-3 col-sm-6 col-xs-12'>\n                <div class='card p-3 rounded my-2 shadow'>\n                    <img src='https:\/\/www.vaticannews.va\/content\/dam\/vaticannews\/multimedia\/2026\/settembre\/03\/41.jpg\/_jcr_content\/renditions\/cq5dam.thumbnail.cropped.750.422.jpeg' alt='' class='img-fluid d-block border rounded'>\n                    <h3 class='my-2'><strong><a href='https:\/\/www.vaticannews.va\/pl\/kosciol\/news\/2026-09\/biskup-aleksandrii-claudio-lurati-chrzescijanie-w-egipcie.html' target='_blank'>Biskup Aleksandrii o chrze\u015bcijanach w Egipcie<\/a><\/strong><\/h3>\n                    <small class='text-muted'>(2026-09-06 09:36)<\/small>\n                    <p>Wikariusz apostolski i biskup Aleksandrii Claudio Lurati, od 31 lat s\u0142u\u017c\u0105cy w Egipcie w rozmowie z Vatican News m\u00f3wi o wielkiej historii chrze\u015bcija\u0144stwa na tym terenie i relacjach z koptyjskim Ko\u015bcio\u0142em Ortodoksyjnym orazi wsp\u00f3lnot\u0105 muzu\u0142ma\u0144sk\u0105.\n                    <a href=\"https:\/\/www.vaticannews.va\/pl\/kosciol\/news\/2026-09\/biskup-aleksandrii-claudio-lurati-chrzescijanie-w-egipcie.html\">Czytaj wszystko<\/a>\n                    &nbsp;<\/p>\n                <\/div>\n            <\/div>\n        \n            <div class='col-lg-4 col-md-3 col-sm-6 col-xs-12'>\n                <div class='card p-3 rounded my-2 shadow'>\n                    <img src='https:\/\/www.vaticannews.va\/content\/dam\/vaticannews\/multimedia\/2024\/febbraio\/13\/Patriarca-di-Venezia-Francesco-Moraglia.jpeg\/_jcr_content\/renditions\/cq5dam.thumbnail.cropped.750.422.jpeg' alt='' class='img-fluid d-block border rounded'>\n                    <h3 class='my-2'><strong><a href='https:\/\/www.vaticannews.va\/pl\/kosciol\/news\/2026-09\/arcybiskup-moraglia-ostrzega-przed-wspomaganym-samobojstwem.html' target='_blank'>Patriarcha Wenecji ostrzega przed rozszerzaniem wspomaganego samob\u00f3jstwa<\/a><\/strong><\/h3>\n                    <small class='text-muted'>(2026-09-06 08:41)<\/small>\n                    <p>Nowe przepisy dotycz\u0105ce medycznie wspomaganego samob\u00f3jstwa mog\u0105 otworzy\u0107 drog\u0119 do stopniowego rozszerzania sytuacji, w kt\u00f3rych b\u0119dzie ono dopuszczalne \u2013 ostrzega patriarcha Wenecji abp Francesco Moraglia. Hierarcha skomentowa\u0142 ustaw\u0119 przyj\u0119t\u0105 przez w\u0142adze w\u0142oskiego regionu Wenecja Euganejska. Jego najwi\u0119kszy niepok\u00f3j budzi sytuacja os\u00f3b starszych, samotnych i pozbawionych wsparcia.\n                    <a href=\"https:\/\/www.vaticannews.va\/pl\/kosciol\/news\/2026-09\/arcybiskup-moraglia-ostrzega-przed-wspomaganym-samobojstwem.html\">Czytaj wszystko<\/a>\n                    &nbsp;<\/p>\n                <\/div>\n            <\/div>\n        \n            <div class='col-lg-4 col-md-3 col-sm-6 col-xs-12'>\n                <div class='card p-3 rounded my-2 shadow'>\n                    <img src='https:\/\/www.vaticannews.va\/content\/dam\/vaticannews\/multimedia\/2025\/aprile\/01\/54.jpg\/_jcr_content\/renditions\/cq5dam.thumbnail.cropped.750.422.jpeg' alt='' class='img-fluid d-block border rounded'>\n                    <h3 class='my-2'><strong><a href='https:\/\/www.vaticannews.va\/pl\/kosciol\/news\/2026-09\/liczba-ksiezy-w-seulu-przekroczyla-1000.html' target='_blank'>Seul ma ju\u017c tysi\u0105c ksi\u0119\u017cy. Powo\u0142ania od 50 lat wspieraj\u0105 \u015bwieccy<\/a><\/strong><\/h3>\n                    <small class='text-muted'>(2026-09-06 07:38)<\/small>\n                    <p>Tysi\u0105c ksi\u0119\u017cy diecezjalnych \u2013 ten historyczny pr\u00f3g osi\u0105gn\u0119\u0142a archidiecezja seulska dok\u0142adnie 180 lat po \u015bwi\u0119ceniach pierwszego korea\u0144skiego kap\u0142ana, \u015bw. Andrzeja Kim Dae-geona. Za t\u0105 liczb\u0105 kryje si\u0119 r\u00f3wnie\u017c niezwyk\u0142a historia \u015bwieckich. Od p\u00f3\u0142 wieku modlitw\u0105, pomoc\u0105 finansow\u0105 i zaanga\u017cowaniem wspieraj\u0105 oni seminarzyst\u00f3w i troszcz\u0105 si\u0119 o nowe powo\u0142ania.\n                    <a href=\"https:\/\/www.vaticannews.va\/pl\/kosciol\/news\/2026-09\/liczba-ksiezy-w-seulu-przekroczyla-1000.html\">Czytaj wszystko<\/a>\n                    &nbsp;<\/p>\n                <\/div>\n            <\/div>\n        \n            <div class='col-lg-4 col-md-3 col-sm-6 col-xs-12'>\n                <div class='card p-3 rounded my-2 shadow'>\n                    <img src='https:\/\/www.vaticannews.va\/content\/dam\/vaticannews\/agenzie\/images\/srv\/2026\/09\/05\/2026-09-05-festa-delle-famiglia-del-governatorato\/1788631513601.jpg\/_jcr_content\/renditions\/cq5dam.thumbnail.cropped.750.422.jpeg' alt='' class='img-fluid d-block border rounded'>\n                    <h3 class='my-2'><strong><a href='https:\/\/www.vaticannews.va\/pl\/papiez\/news\/2026-09\/leon-xiv-spotkal-sie-z-rodzinami-gubernatoratu-watykanu.html' target='_blank'>Leon XIV do rodzin: Jeste\u015bcie cudem Boga. \u017byjcie tak\u017ce dla innych<\/a><\/strong><\/h3>\n                    <small class='text-muted'>(2026-09-05 20:28)<\/small>\n                    <p>S\u0142owa Jana Paw\u0142a II o tym, i\u017c rodzina jest zwierciad\u0142em, w kt\u00f3rym przegl\u0105da si\u0119 B\u00f3g cytowa\u0142 Leon XIV w sobot\u0119 5 wrze\u015bnia wieczorem podczas spotkania z pracownikami Gubernatoratu Pa\u0144stwa Watyka\u0144skiego i ich rodzinami. Na tym rodzinnym spotkaniu Papie\u017c m\u00f3wi\u0142 o dw\u00f3ch cudach, kt\u00f3re widzi B\u00f3g w rodzinie.\n                    <a href=\"https:\/\/www.vaticannews.va\/pl\/papiez\/news\/2026-09\/leon-xiv-spotkal-sie-z-rodzinami-gubernatoratu-watykanu.html\">Czytaj wszystko<\/a>\n                    &nbsp;<\/p>\n                <\/div>\n            <\/div>\n        \n            <div class='col-lg-4 col-md-3 col-sm-6 col-xs-12'>\n                <div class='card p-3 rounded my-2 shadow'>\n                    <img src='https:\/\/www.vaticannews.va\/content\/dam\/vaticannews\/multimedia\/2025\/gennaio\/03\/36.jpg\/_jcr_content\/renditions\/cq5dam.thumbnail.cropped.750.422.jpeg' alt='' class='img-fluid d-block border rounded'>\n                    <h3 class='my-2'><strong><a href='https:\/\/www.vaticannews.va\/pl\/swiat\/news\/2026-09\/palestyna-chrzescijanie-izrael-ziemia-swieta-osadnicy-zydowscy.html' target='_blank'>Biskup Daibes: Chroni\u0107 palesty\u0144skich chrze\u015bcijan w Ziemi \u015awi\u0119tej<\/a><\/strong><\/h3>\n                    <small class='text-muted'>(2026-09-05 18:40)<\/small>\n                    <p>Biskup D\u017cibuti i administrator apostolski Somalii Jamal Daibes wzywa do wywierania mi\u0119dzynarodowych nacisk\u00f3w, by chroni\u0107 Palesty\u0144czyk\u00f3w w Ziemi \u015awi\u0119tej i umo\u017cliwi\u0107 im pozostanie w ojczy\u017anie z godno\u015bci\u0105, w poczuciu wolno\u015bci i bezpiecze\u0144stwa. \n                    <a href=\"https:\/\/www.vaticannews.va\/pl\/swiat\/news\/2026-09\/palestyna-chrzescijanie-izrael-ziemia-swieta-osadnicy-zydowscy.html\">Czytaj wszystko<\/a>\n                    &nbsp;<\/p>\n                <\/div>\n            <\/div>\n        \n            <div class='col-lg-4 col-md-3 col-sm-6 col-xs-12'>\n                <div class='card p-3 rounded my-2 shadow'>\n                    <img src='https:\/\/www.vaticannews.va\/content\/dam\/vaticannews\/multimedia\/2026\/02\/09\/00005pro-life--Amata-J.-Nowaszewska-CSFNAEM.jpg\/_jcr_content\/renditions\/cq5dam.thumbnail.cropped.750.422.jpeg' alt='' class='img-fluid d-block border rounded'>\n                    <h3 class='my-2'><strong><a href='https:\/\/www.vaticannews.va\/pl\/swiat\/news\/2026-09\/lichtenstein-parlament-legalizacja-aborcji-ksiaze-sprzeciw.html' target='_blank'>Ksi\u0105\u017c\u0119 Lichtensteinu mo\u017ce zawetowa\u0107 aborcj\u0119<\/a><\/strong><\/h3>\n                    <small class='text-muted'>(2026-09-05 17:53)<\/small>\n                    <p>Stosunkiem g\u0142os\u00f3w 13 do 12 parlament Lichtensteinu wyrazi\u0142 zgod\u0119 na projekt b\u0119d\u0105cy wynikiem inicjatywy obywatelskiej, przewiduj\u0105cy mo\u017cliwo\u015b\u0107 przerwania ci\u0105\u017cy do 12. tygodnia. Odrzucono natomiast wniosek o przeprowadzenie referendum. Ksi\u0105\u017c\u0119 regent mo\u017ce teraz zawetowa\u0107 ustaw\u0119, odmawiaj\u0105c jej zatwierdzenia. Ko\u015bci\u00f3\u0142 zabra\u0142 g\u0142os domagaj\u0105c si\u0119 ochrony \u017cycia dzieci nienarodzonych, wskazuj\u0105c przy tym na s\u0142owa Jana Paw\u0142a II.\n                    <a href=\"https:\/\/www.vaticannews.va\/pl\/swiat\/news\/2026-09\/lichtenstein-parlament-legalizacja-aborcji-ksiaze-sprzeciw.html\">Czytaj wszystko<\/a>\n                    &nbsp;<\/p>\n                <\/div>\n            <\/div>\n        \n            <div class='col-lg-4 col-md-3 col-sm-6 col-xs-12'>\n                <div class='card p-3 rounded my-2 shadow'>\n                    <img src='https:\/\/www.vaticannews.va\/content\/dam\/vaticannews\/multimedia\/2022\/04\/08\/Disegni-bambini-rifugio-Chernihiv.jpeg\/_jcr_content\/renditions\/cq5dam.thumbnail.cropped.750.422.jpeg' alt='' class='img-fluid d-block border rounded'>\n                    <h3 class='my-2'><strong><a href='https:\/\/www.vaticannews.va\/pl\/swiat\/news\/2026-09\/nowy-rok-szkolny-na-ukrainie-pod-rosyjskimi-bombami.html' target='_blank'>Ukraina: Powr\u00f3t do szk\u00f3\u0142 \u2013 je\u015bli obok jest schron<\/a><\/strong><\/h3>\n                    <small class='text-muted'>(2026-09-05 16:54)<\/small>\n                    <p>Na Ukrainie rozpocz\u0105\u0142 si\u0119 nowy rok szkolny. Do szkolnych \u0142awek wr\u00f3ci\u0142o ponad 3,5 mln uczni\u00f3w. Blisko 250 tys. dzieci po raz pierwszy posz\u0142o do szko\u0142y. Tylko w Kijowie w tym roku w wyniku rosyjskich atak\u00f3w ucierpia\u0142o 107 plac\u00f3wek o\u015bwiatowych. Vatican News przyjrza\u0142 si\u0119, jak wygl\u0105da w tym roku powr\u00f3t do szko\u0142y ukrai\u0144skich uczni\u00f3w.\n                    <a href=\"https:\/\/www.vaticannews.va\/pl\/swiat\/news\/2026-09\/nowy-rok-szkolny-na-ukrainie-pod-rosyjskimi-bombami.html\">Czytaj wszystko<\/a>\n                    &nbsp;<\/p>\n                <\/div>\n            <\/div>\n        \n            <div class='col-lg-4 col-md-3 col-sm-6 col-xs-12'>\n                <div class='card p-3 rounded my-2 shadow'>\n                    <img src='https:\/\/www.vaticannews.va\/content\/dam\/vaticannews\/multimedia\/2023\/02\/22\/urbano_viii.jpg\/_jcr_content\/renditions\/cq5dam.thumbnail.cropped.750.422.jpeg' alt='' class='img-fluid d-block border rounded'>\n                    <h3 class='my-2'><strong><a href='https:\/\/www.vaticannews.va\/pl\/watykan\/news\/2026-09\/w-castel-gandolfo-uroczystosci-400-lecia-obecnosci-papiezy.html' target='_blank'>Castel Gandolfo \u015bwi\u0119tuje obecno\u015b\u0107 papie\u017cy, to ju\u017c 400 lat<\/a><\/strong><\/h3>\n                    <small class='text-muted'>(2026-09-05 15:59)<\/small>\n                    <p>Castel Gandolfo \u015bwi\u0119tuje trwaj\u0105c\u0105 od 400 lat obecno\u015b\u0107 papie\u017cy w tej podrzymskiej miejscowo\u015bci. Pierwszym papie\u017cem, kt\u00f3ry sp\u0119dzi\u0142 tam letnie wakacje by\u0142 Urban VIII Barberini. Dzi\u015b w urz\u0119dzie miasta otwarto wystaw\u0119 upami\u0119tniaj\u0105cej to wydarzenie, a jutro ulicami Castel Gandolfo przejdzie historyczny poch\u00f3d, przypominaj\u0105cy dzieje letniej rezydencji nast\u0119pc\u00f3w Piotra.\n                    <a href=\"https:\/\/www.vaticannews.va\/pl\/watykan\/news\/2026-09\/w-castel-gandolfo-uroczystosci-400-lecia-obecnosci-papiezy.html\">Czytaj wszystko<\/a>\n                    &nbsp;<\/p>\n                <\/div>\n            <\/div>\n        \n            <div class='col-lg-4 col-md-3 col-sm-6 col-xs-12'>\n                <div class='card p-3 rounded my-2 shadow'>\n                    <img src='https:\/\/www.vaticannews.va\/content\/dam\/vaticannews\/agenzie\/images\/srv\/2026\/06\/29\/2026-06-29-santa-messa-nella-solennita-dei-ss-pietro-e-paolo-con\/1782720661743.JPG\/_jcr_content\/renditions\/cq5dam.thumbnail.cropped.750.422.jpeg' alt='' class='img-fluid d-block border rounded'>\n                    <h3 class='my-2'><strong><a href='https:\/\/www.vaticannews.va\/pl\/watykan\/news\/2026-09\/przygotowania-do-400lecia-konsekracji-bazyliki-watykanskiej.html' target='_blank'>Coraz bli\u017cej g\u0142\u00f3wnych obchod\u00f3w 400-lecia Bazyliki \u015bw. Piotra<\/a><\/strong><\/h3>\n                    <small class='text-muted'>(2026-09-05 14:59)<\/small>\n                    <p>Czym jest dzi\u015b pielgrzymowanie do grobu \u015bw. Piotra i jaka jest duszpasterska misja najwa\u017cniejszej watyka\u0144skiej \u015bwi\u0105tyni? Te pytania znajd\u0105 si\u0119 w centrum kolejnego spotkania organizowanego z okazji 400-lecia po\u015bwi\u0119cenia nowej Bazyliki \u015bw. Piotra. Odb\u0119dzie si\u0119 ono 13 pa\u017adziernika przy O\u0142tarzu Katedry.\n                    <a href=\"https:\/\/www.vaticannews.va\/pl\/watykan\/news\/2026-09\/przygotowania-do-400lecia-konsekracji-bazyliki-watykanskiej.html\">Czytaj wszystko<\/a>\n                    &nbsp;<\/p>\n                <\/div>\n            <\/div>\n            <\/div>\n<\/div>\n<br>\n<\/code>.<\/strong><\/p>\n","protected":false},"excerpt":{"rendered":"<p>.<\/p>\n","protected":false},"author":3,"featured_media":0,"parent":0,"menu_order":0,"comment_status":"closed","ping_status":"closed","template":"","meta":{"footnotes":""},"class_list":["post-4707","page","type-page","status-publish","hentry"],"_links":{"self":[{"href":"https:\/\/parafia.bystrzyca.eu\/index.php?rest_route=\/wp\/v2\/pages\/4707","targetHints":{"allow":["GET"]}}],"collection":[{"href":"https:\/\/parafia.bystrzyca.eu\/index.php?rest_route=\/wp\/v2\/pages"}],"about":[{"href":"https:\/\/parafia.bystrzyca.eu\/index.php?rest_route=\/wp\/v2\/types\/page"}],"author":[{"embeddable":true,"href":"https:\/\/parafia.bystrzyca.eu\/index.php?rest_route=\/wp\/v2\/users\/3"}],"replies":[{"embeddable":true,"href":"https:\/\/parafia.bystrzyca.eu\/index.php?rest_route=%2Fwp%2Fv2%2Fcomments&post=4707"}],"version-history":[{"count":1,"href":"https:\/\/parafia.bystrzyca.eu\/index.php?rest_route=\/wp\/v2\/pages\/4707\/revisions"}],"predecessor-version":[{"id":4708,"href":"https:\/\/parafia.bystrzyca.eu\/index.php?rest_route=\/wp\/v2\/pages\/4707\/revisions\/4708"}],"wp:attachment":[{"href":"https:\/\/parafia.bystrzyca.eu\/index.php?rest_route=%2Fwp%2Fv2%2Fmedia&parent=4707"}],"curies":[{"name":"wp","href":"https:\/\/api.w.org\/{rel}","templated":true}]}}